{"id":6815,"date":"2019-05-17T21:38:09","date_gmt":"2019-05-17T21:38:09","guid":{"rendered":"https:\/\/brams.com\/carrieres\/brand-content-manager\/"},"modified":"2019-12-25T15:48:29","modified_gmt":"2019-12-25T15:48:29","slug":"brand-content-manager","status":"publish","type":"page","link":"https:\/\/www.brams.com\/fr\/brand-content-manager\/","title":{"rendered":"Brand Content Manager"},"content":{"rendered":"<div class=\"wpb-content-wrapper\"><p>[vc_row full_width=\u00a0\u00bbstretch_row\u00a0\u00bb css=\u00a0\u00bb.vc_custom_1574332036460{padding-top: 80px !important;padding-bottom: 80px !important;background: #194874 url(https:\/\/www.brams.com\/wp-content\/uploads\/2019\/11\/Brand_content.png?id=6741) !important;background-position: center !important;background-repeat: no-repeat !important;background-size: cover !important;}\u00a0\u00bb el_class=\u00a0\u00bbtext-white\u00a0\u00bb][vc_column width=\u00a0\u00bb1\/6&Prime;][\/vc_column][vc_column width=\u00a0\u00bb2\/3&Prime; css=\u00a0\u00bb.vc_custom_1574332055929{padding-top: 10px !important;padding-bottom: 10px !important;background-color: rgba(0,0,0,0.57) !important;*background-color: rgb(0,0,0) !important;}\u00a0\u00bb][vc_custom_heading text=\u00a0\u00bbBrand Content Manager\u00a0\u00bb font_container=\u00a0\u00bbtag:h1|font_size:2.25rem|text_align:center|color:%23ffffff\u00a0\u00bb use_theme_fonts=\u00a0\u00bbyes\u00a0\u00bb el_class=\u00a0\u00bbtitle-head\u00a0\u00bb][vc_empty_space height=\u00a0\u00bb20px\u00a0\u00bb][vc_custom_heading text=\u00a0\u00bbParis\u00a0\u00bb font_container=\u00a0\u00bbtag:div|font_size:1.5rem|text_align:center|color:%23ffffff\u00a0\u00bb use_theme_fonts=\u00a0\u00bbyes\u00a0\u00bb el_class=\u00a0\u00bbfont-weight-300&Prime;][\/vc_column][vc_column width=\u00a0\u00bb1\/6&Prime;][\/vc_column][\/vc_row][vc_row full_width=\u00a0\u00bbstretch_row\u00a0\u00bb css=\u00a0\u00bb.vc_custom_1574332063096{padding-top: 50px !important;}\u00a0\u00bb][vc_column width=\u00a0\u00bb1\/6&Prime;][\/vc_column][vc_column width=\u00a0\u00bb2\/3&Prime;][vc_column_text el_class=\u00a0\u00bbtext-center\u00a0\u00bb]Au sein de la Direction marketing et en lien avec les \u00e9quipes internes, la personne doit assurer l\u2019ex\u00e9cution de la strat\u00e9gie brand content et contribuez \u00e0 sa planification et de la gestion des relations presse et influenceurs.[\/vc_column_text][vc_empty_space height=\u00a0\u00bb40px\u00a0\u00bb][vc_custom_heading text=\u00a0\u00bbMissions\u00a0\u00bb font_container=\u00a0\u00bbtag:h3|text_align:center\u00a0\u00bb use_theme_fonts=\u00a0\u00bbyes\u00a0\u00bb][vc_empty_space height=\u00a0\u00bb20px\u00a0\u00bb][vc_column_text]Le Brand Content Manager intervient sur l&rsquo;ensemble des supports : print, social media, web marketing, videos \u2026, il a pour missions :<\/p>\n<ul>\n<li>Veille \u00e9ditoriale et d\u00e9tection des sujets \u00e9mergents et des signaux faibles en rapport avec les probl\u00e9matiques de nos clients, afin de construire des calendriers \u00e9ditoriaux et la contribution \u00e0 l&rsquo;analyse des r\u00e9sultats.<\/li>\n<li>R\u00e9daction d&rsquo;articles de blog.<\/li>\n<li>R\u00e9daction de fiches produits.<\/li>\n<li>Relecture ou correction.<\/li>\n<li>Ecriture d&rsquo;un Ebook<\/li>\n<li>R\u00e9daction des pages d&rsquo;un site internet.<\/li>\n<li>Traduction de textes.<\/li>\n<li>Elaboration des newsletters.<\/li>\n<li>Animer la communication Interne<\/li>\n<li>R\u00e9daction de textes pour des infographies.<\/li>\n<li>Formalisation des cas clients<\/li>\n<li>Optimisation d&rsquo;articles d\u00e9j\u00e0 en ligne.<\/li>\n<li>Pilotage des contributeurs, copywriters et cr\u00e9ateurs externes de contenus marketing.<\/li>\n<li>Rationalisation des insights interne en vu de cr\u00e9ation de contenu de la marque<\/li>\n<li>Elaboration des plans de communication presse et RP<\/li>\n<\/ul>\n<p>[\/vc_column_text][\/vc_column][vc_column width=\u00a0\u00bb1\/6&Prime;][\/vc_column][\/vc_row][vc_row full_width=\u00a0\u00bbstretch_row\u00a0\u00bb css=\u00a0\u00bb.vc_custom_1574332071121{padding-top: 50px !important;}\u00a0\u00bb][vc_column width=\u00a0\u00bb1\/6&Prime;][\/vc_column][vc_column width=\u00a0\u00bb2\/3&Prime;][vc_custom_heading text=\u00a0\u00bbProfils\u00a0\u00bb font_container=\u00a0\u00bbtag:h3|text_align:center\u00a0\u00bb use_theme_fonts=\u00a0\u00bbyes\u00a0\u00bb][vc_empty_space height=\u00a0\u00bb20px\u00a0\u00bb][vc_column_text]De formation sup\u00e9rieure en journalisme, communication ou marketing, avec une option digitale, justifiant d&rsquo;au moins 2 ans d\u2019exp\u00e9rience dans la production de contenus sur des supports digitaux \u00e0 un poste de webmaster, r\u00e9dacteur, chef de projet multim\u00e9dia, charg\u00e9 de communication digitale ou Community manager.<\/p>\n<p>Le poste requiert une maitrise parfaite des notions de brand content et de storytellin. Aussi d\u2019une forte culture digitale, et des aptitudes suivantes:<\/p>\n<ul>\n<li>Excellences capacit\u00e9s r\u00e9dactionnelles (syntaxe et orthographe irr\u00e9prochables)<\/li>\n<li>Connaissances des techniques de r\u00e9daction pour le SEO<\/li>\n<li>Capacit\u00e9 \u00e0 produire des contenus \u00e0 tonalit\u00e9 \u00ab\u00a0marketing\u00a0\u00bb et journalistique<\/li>\n<li>Cr\u00e9ation multim\u00e9dia : images, photos, vid\u00e9os et animations simples<\/li>\n<li>Ma\u00eetrise des plateformes de gestion de contenu (drupal, wordpress, &#8230;)<\/li>\n<li>Ma\u00eetrise des diff\u00e9rents r\u00e9seaux sociaux (Facebook, LinkedIn, Twitter, Instagram) et de YouTube<\/li>\n<li>Maitriser les outils m\u00e9tier : Adobe Creative Suite, Canva, Giphy<\/li>\n<li>Avoir travailler sur<\/li>\n<li>\u00catre autonome dans ses missions<\/li>\n<li>\u00catre force de proposition<\/li>\n<li>Pouvoir travailler en anglais aussi bien \u00e0 l&rsquo;oral qu&rsquo;\u00e0 l&rsquo;\u00e9crit.<\/li>\n<li>\u00catre blogueur ou influenceur dans le domaine de l&rsquo;IT, Marketing digital ou transformation num\u00e9rique, c&rsquo;est un vrai plus pour le poste !<\/li>\n<\/ul>\n<p>[\/vc_column_text][vc_empty_space height=\u00a0\u00bb40px\u00a0\u00bb][vc_separator el_width=\u00a0\u00bb70&Prime;][vc_empty_space height=\u00a0\u00bb40px\u00a0\u00bb][vc_row_inner][vc_column_inner width=\u00a0\u00bb1\/6&Prime;][\/vc_column_inner][vc_column_inner width=\u00a0\u00bb2\/3&Prime;][vc_raw_js]JTNDJTIxLS0lNUJpZiUyMGx0ZSUyMElFJTIwOCU1RCUzRSUwQSUzQ3NjcmlwdCUyMGNoYXJzZXQlM0QlMjJ1dGYtOCUyMiUyMHR5cGUlM0QlMjJ0ZXh0JTJGamF2YXNjcmlwdCUyMiUyMHNyYyUzRCUyMiUyRiUyRmpzLmhzZm9ybXMubmV0JTJGZm9ybXMlMkZ2Mi1sZWdhY3kuanMlMjIlM0UlM0MlMkZzY3JpcHQlM0UlMEElM0MlMjElNUJlbmRpZiU1RC0tJTNFJTBBJTNDc2NyaXB0JTIwY2hhcnNldCUzRCUyMnV0Zi04JTIyJTIwdHlwZSUzRCUyMnRleHQlMkZqYXZhc2NyaXB0JTIyJTIwc3JjJTNEJTIyJTJGJTJGanMuaHNmb3Jtcy5uZXQlMkZmb3JtcyUyRnYyLmpzJTIyJTNFJTNDJTJGc2NyaXB0JTNFJTBBJTNDc2NyaXB0JTNFJTBBJTIwJTIwaGJzcHQuZm9ybXMuY3JlYXRlJTI4JTdCJTBBJTA5cG9ydGFsSWQlM0ElMjAlMjI1NjU0Nzk5JTIyJTJDJTBBJTA5Zm9ybUlkJTNBJTIwJTIyNjI3ZDIwNDItMzNlYS00NDFkLThiZGYtMTdiZjBlMzlmZjhkJTIyJTBBJTdEJTI5JTNCJTBBJTNDJTJGc2NyaXB0JTNF[\/vc_raw_js][\/vc_column_inner][vc_column_inner width=\u00a0\u00bb1\/6&Prime;][\/vc_column_inner][\/vc_row_inner][\/vc_column][vc_column width=\u00a0\u00bb1\/6&Prime;][\/vc_column][\/vc_row]<\/p>\n<\/div>","protected":false},"excerpt":{"rendered":"<p>[vc_row full_width=\u00a0\u00bbstretch_row\u00a0\u00bb css=\u00a0\u00bb.vc_custom_1574332036460{padding-top: 80px !important;padding-bottom: 80px !important;background: #194874 url(https:\/\/www.brams.com\/wp-content\/uploads\/2019\/11\/Brand_content.png?id=6741) !important;background-position: center !important;background-repeat: no-repeat !important;background-size: cover !important;}\u00a0\u00bb el_class=\u00a0\u00bbtext-white\u00a0\u00bb][vc_column width=\u00a0\u00bb1\/6&Prime;][\/vc_column][vc_column width=\u00a0\u00bb2\/3&Prime; css=\u00a0\u00bb.vc_custom_1574332055929{padding-top: 10px !important;padding-bottom: 10px !important;background-color: rgba(0,0,0,0.57) !important;*background-color: rgb(0,0,0) !important;}\u00a0\u00bb][vc_custom_heading text=\u00a0\u00bbBrand Content Manager\u00a0\u00bb font_container=\u00a0\u00bbtag:h1|font_size:2.25rem|text_align:center|color:%23ffffff\u00a0\u00bb use_theme_fonts=\u00a0\u00bbyes\u00a0\u00bb el_class=\u00a0\u00bbtitle-head\u00a0\u00bb][vc_empty_space height=\u00a0\u00bb20px\u00a0\u00bb][vc_custom_heading text=\u00a0\u00bbParis\u00a0\u00bb font_container=\u00a0\u00bbtag:div|font_size:1.5rem|text_align:center|color:%23ffffff\u00a0\u00bb use_theme_fonts=\u00a0\u00bbyes\u00a0\u00bb el_class=\u00a0\u00bbfont-weight-300&Prime;][\/vc_column][vc_column width=\u00a0\u00bb1\/6&Prime;][\/vc_column][\/vc_row][vc_row full_width=\u00a0\u00bbstretch_row\u00a0\u00bb css=\u00a0\u00bb.vc_custom_1574332063096{padding-top: 50px !important;}\u00a0\u00bb][vc_column width=\u00a0\u00bb1\/6&Prime;][\/vc_column][vc_column width=\u00a0\u00bb2\/3&Prime;][vc_column_text el_class=\u00a0\u00bbtext-center\u00a0\u00bb]Au sein de la Direction marketing et en lien [&hellip;]<\/p>\n","protected":false},"author":1,"featured_media":0,"parent":0,"menu_order":20,"comment_status":"closed","ping_status":"closed","template":"","meta":{"content-type":"","_monsterinsights_skip_tracking":false,"_monsterinsights_sitenote_active":false,"_monsterinsights_sitenote_note":"","_monsterinsights_sitenote_category":0,"footnotes":""},"class_list":["post-6815","page","type-page","status-publish","hentry"],"yoast_head":"<!-- This site is optimized with the Yoast SEO plugin v22.1 - https:\/\/yoast.com\/wordpress\/plugins\/seo\/ -->\n<title>Brand Content Manager - Brams<\/title>\n<meta name=\"description\" content=\"Au sein de la Direction marketing et en lien avec les \u00e9quipes internes, la personne doit assurer l\u2019ex\u00e9cution de la strat\u00e9gie brand content et contribuez ...\" \/>\n<meta name=\"robots\" content=\"index, follow, max-snippet:-1, max-image-preview:large, max-video-preview:-1\" \/>\n<link rel=\"canonical\" href=\"https:\/\/www.brams.com\/fr\/brand-content-manager\/\" \/>\n<meta property=\"og:locale\" content=\"fr_FR\" \/>\n<meta property=\"og:type\" content=\"article\" \/>\n<meta property=\"og:title\" content=\"Brand Content Manager - Brams\" \/>\n<meta property=\"og:description\" content=\"Au sein de la Direction marketing et en lien avec les \u00e9quipes internes, la personne doit assurer l\u2019ex\u00e9cution de la strat\u00e9gie brand content et contribuez ...\" \/>\n<meta property=\"og:url\" content=\"https:\/\/www.brams.com\/fr\/brand-content-manager\/\" \/>\n<meta property=\"og:site_name\" content=\"Brams\" \/>\n<meta property=\"article:modified_time\" content=\"2019-12-25T15:48:29+00:00\" \/>\n<meta property=\"og:image\" content=\"https:\/\/www.brams.com\/wp-content\/uploads\/2019\/11\/PICTO-BRAMS.png\" \/>\n\t<meta property=\"og:image:width\" content=\"218\" \/>\n\t<meta property=\"og:image:height\" content=\"218\" \/>\n\t<meta property=\"og:image:type\" content=\"image\/png\" \/>\n<meta name=\"twitter:card\" content=\"summary_large_image\" \/>\n<meta name=\"twitter:site\" content=\"@bramsfz\" \/>\n<meta name=\"twitter:label1\" content=\"Dur\u00e9e de lecture estim\u00e9e\" \/>\n\t<meta name=\"twitter:data1\" content=\"4 minutes\" \/>\n<script type=\"application\/ld+json\" class=\"yoast-schema-graph\">{\"@context\":\"https:\/\/schema.org\",\"@graph\":[{\"@type\":\"WebPage\",\"@id\":\"https:\/\/www.brams.com\/fr\/brand-content-manager\/\",\"url\":\"https:\/\/www.brams.com\/fr\/brand-content-manager\/\",\"name\":\"Brand Content Manager - Brams\",\"isPartOf\":{\"@id\":\"https:\/\/www.brams.com\/#website\"},\"datePublished\":\"2019-05-17T21:38:09+00:00\",\"dateModified\":\"2019-12-25T15:48:29+00:00\",\"description\":\"Au sein de la Direction marketing et en lien avec les \u00e9quipes internes, la personne doit assurer l\u2019ex\u00e9cution de la strat\u00e9gie brand content et contribuez ...\",\"breadcrumb\":{\"@id\":\"https:\/\/www.brams.com\/fr\/brand-content-manager\/#breadcrumb\"},\"inLanguage\":\"fr-FR\",\"potentialAction\":[{\"@type\":\"ReadAction\",\"target\":[\"https:\/\/www.brams.com\/fr\/brand-content-manager\/\"]}]},{\"@type\":\"BreadcrumbList\",\"@id\":\"https:\/\/www.brams.com\/fr\/brand-content-manager\/#breadcrumb\",\"itemListElement\":[{\"@type\":\"ListItem\",\"position\":1,\"name\":\"Home\",\"item\":\"https:\/\/www.brams.com\/fr\/\"},{\"@type\":\"ListItem\",\"position\":2,\"name\":\"Brand Content Manager\"}]},{\"@type\":\"WebSite\",\"@id\":\"https:\/\/www.brams.com\/#website\",\"url\":\"https:\/\/www.brams.com\/\",\"name\":\"Brams\",\"description\":\"A world-leading cloud specialist with over 19 years of experience.\",\"publisher\":{\"@id\":\"https:\/\/www.brams.com\/#organization\"},\"potentialAction\":[{\"@type\":\"SearchAction\",\"target\":{\"@type\":\"EntryPoint\",\"urlTemplate\":\"https:\/\/www.brams.com\/?s={search_term_string}\"},\"query-input\":\"required name=search_term_string\"}],\"inLanguage\":\"fr-FR\"},{\"@type\":\"Organization\",\"@id\":\"https:\/\/www.brams.com\/#organization\",\"name\":\"Brams\",\"url\":\"https:\/\/www.brams.com\/\",\"logo\":{\"@type\":\"ImageObject\",\"inLanguage\":\"fr-FR\",\"@id\":\"https:\/\/www.brams.com\/#\/schema\/logo\/image\/\",\"url\":\"https:\/\/www.brams.com\/wp-content\/uploads\/2019\/12\/brams-logo.jpg\",\"contentUrl\":\"https:\/\/www.brams.com\/wp-content\/uploads\/2019\/12\/brams-logo.jpg\",\"width\":400,\"height\":108,\"caption\":\"Brams\"},\"image\":{\"@id\":\"https:\/\/www.brams.com\/#\/schema\/logo\/image\/\"},\"sameAs\":[\"https:\/\/twitter.com\/bramsfz\",\"https:\/\/www.linkedin.com\/company\/brams-technologies\/\"]}]}<\/script>\n<!-- \/ Yoast SEO plugin. -->","yoast_head_json":{"title":"Brand Content Manager - Brams","description":"Au sein de la Direction marketing et en lien avec les \u00e9quipes internes, la personne doit assurer l\u2019ex\u00e9cution de la strat\u00e9gie brand content et contribuez ...","robots":{"index":"index","follow":"follow","max-snippet":"max-snippet:-1","max-image-preview":"max-image-preview:large","max-video-preview":"max-video-preview:-1"},"canonical":"https:\/\/www.brams.com\/fr\/brand-content-manager\/","og_locale":"fr_FR","og_type":"article","og_title":"Brand Content Manager - Brams","og_description":"Au sein de la Direction marketing et en lien avec les \u00e9quipes internes, la personne doit assurer l\u2019ex\u00e9cution de la strat\u00e9gie brand content et contribuez ...","og_url":"https:\/\/www.brams.com\/fr\/brand-content-manager\/","og_site_name":"Brams","article_modified_time":"2019-12-25T15:48:29+00:00","og_image":[{"width":218,"height":218,"url":"https:\/\/www.brams.com\/wp-content\/uploads\/2019\/11\/PICTO-BRAMS.png","type":"image\/png"}],"twitter_card":"summary_large_image","twitter_site":"@bramsfz","twitter_misc":{"Dur\u00e9e de lecture estim\u00e9e":"4 minutes"},"schema":{"@context":"https:\/\/schema.org","@graph":[{"@type":"WebPage","@id":"https:\/\/www.brams.com\/fr\/brand-content-manager\/","url":"https:\/\/www.brams.com\/fr\/brand-content-manager\/","name":"Brand Content Manager - Brams","isPartOf":{"@id":"https:\/\/www.brams.com\/#website"},"datePublished":"2019-05-17T21:38:09+00:00","dateModified":"2019-12-25T15:48:29+00:00","description":"Au sein de la Direction marketing et en lien avec les \u00e9quipes internes, la personne doit assurer l\u2019ex\u00e9cution de la strat\u00e9gie brand content et contribuez ...","breadcrumb":{"@id":"https:\/\/www.brams.com\/fr\/brand-content-manager\/#breadcrumb"},"inLanguage":"fr-FR","potentialAction":[{"@type":"ReadAction","target":["https:\/\/www.brams.com\/fr\/brand-content-manager\/"]}]},{"@type":"BreadcrumbList","@id":"https:\/\/www.brams.com\/fr\/brand-content-manager\/#breadcrumb","itemListElement":[{"@type":"ListItem","position":1,"name":"Home","item":"https:\/\/www.brams.com\/fr\/"},{"@type":"ListItem","position":2,"name":"Brand Content Manager"}]},{"@type":"WebSite","@id":"https:\/\/www.brams.com\/#website","url":"https:\/\/www.brams.com\/","name":"Brams","description":"A world-leading cloud specialist with over 19 years of experience.","publisher":{"@id":"https:\/\/www.brams.com\/#organization"},"potentialAction":[{"@type":"SearchAction","target":{"@type":"EntryPoint","urlTemplate":"https:\/\/www.brams.com\/?s={search_term_string}"},"query-input":"required name=search_term_string"}],"inLanguage":"fr-FR"},{"@type":"Organization","@id":"https:\/\/www.brams.com\/#organization","name":"Brams","url":"https:\/\/www.brams.com\/","logo":{"@type":"ImageObject","inLanguage":"fr-FR","@id":"https:\/\/www.brams.com\/#\/schema\/logo\/image\/","url":"https:\/\/www.brams.com\/wp-content\/uploads\/2019\/12\/brams-logo.jpg","contentUrl":"https:\/\/www.brams.com\/wp-content\/uploads\/2019\/12\/brams-logo.jpg","width":400,"height":108,"caption":"Brams"},"image":{"@id":"https:\/\/www.brams.com\/#\/schema\/logo\/image\/"},"sameAs":["https:\/\/twitter.com\/bramsfz","https:\/\/www.linkedin.com\/company\/brams-technologies\/"]}]}},"_links":{"self":[{"href":"https:\/\/www.brams.com\/fr\/wp-json\/wp\/v2\/pages\/6815","targetHints":{"allow":["GET"]}}],"collection":[{"href":"https:\/\/www.brams.com\/fr\/wp-json\/wp\/v2\/pages"}],"about":[{"href":"https:\/\/www.brams.com\/fr\/wp-json\/wp\/v2\/types\/page"}],"author":[{"embeddable":true,"href":"https:\/\/www.brams.com\/fr\/wp-json\/wp\/v2\/users\/1"}],"replies":[{"embeddable":true,"href":"https:\/\/www.brams.com\/fr\/wp-json\/wp\/v2\/comments?post=6815"}],"version-history":[{"count":2,"href":"https:\/\/www.brams.com\/fr\/wp-json\/wp\/v2\/pages\/6815\/revisions"}],"predecessor-version":[{"id":8401,"href":"https:\/\/www.brams.com\/fr\/wp-json\/wp\/v2\/pages\/6815\/revisions\/8401"}],"wp:attachment":[{"href":"https:\/\/www.brams.com\/fr\/wp-json\/wp\/v2\/media?parent=6815"}],"curies":[{"name":"wp","href":"https:\/\/api.w.org\/{rel}","templated":true}]}}