{"id":6158,"date":"2019-11-14T08:59:28","date_gmt":"2019-11-14T08:59:28","guid":{"rendered":"https:\/\/brams.com\/?page_id=6158"},"modified":"2019-12-25T16:36:18","modified_gmt":"2019-12-25T16:36:18","slug":"product-marketing-manager","status":"publish","type":"page","link":"https:\/\/www.brams.com\/fr\/product-marketing-manager\/","title":{"rendered":"Product Marketing Manager"},"content":{"rendered":"<div class=\"wpb-content-wrapper\"><p>[vc_row full_width=\u00a0\u00bbstretch_row\u00a0\u00bb css=\u00a0\u00bb.vc_custom_1574331481071{padding-top: 80px !important;padding-bottom: 80px !important;background: #194874 url(https:\/\/www.brams.com\/wp-content\/uploads\/2019\/11\/Product-Marketing.jpg?id=6739) !important;background-position: center !important;background-repeat: no-repeat !important;background-size: cover !important;}\u00a0\u00bb el_class=\u00a0\u00bbtext-white\u00a0\u00bb][vc_column width=\u00a0\u00bb1\/6&Prime;][\/vc_column][vc_column width=\u00a0\u00bb2\/3&Prime; css=\u00a0\u00bb.vc_custom_1574331500657{padding-top: 10px !important;padding-bottom: 10px !important;background-color: rgba(0,0,0,0.57) !important;*background-color: rgb(0,0,0) !important;}\u00a0\u00bb][vc_custom_heading text=\u00a0\u00bbProduct Marketing Manager\u00a0\u00bb font_container=\u00a0\u00bbtag:h1|font_size:2.25rem|text_align:center|color:%23ffffff\u00a0\u00bb use_theme_fonts=\u00a0\u00bbyes\u00a0\u00bb el_class=\u00a0\u00bbtitle-head\u00a0\u00bb][vc_empty_space height=\u00a0\u00bb20px\u00a0\u00bb][vc_custom_heading text=\u00a0\u00bbParis\/Dubai\u00a0\u00bb font_container=\u00a0\u00bbtag:div|font_size:1.5rem|text_align:center|color:%23ffffff\u00a0\u00bb use_theme_fonts=\u00a0\u00bbyes\u00a0\u00bb el_class=\u00a0\u00bbfont-weight-300&Prime;][\/vc_column][vc_column width=\u00a0\u00bb1\/6&Prime;][\/vc_column][\/vc_row][vc_row full_width=\u00a0\u00bbstretch_row\u00a0\u00bb css=\u00a0\u00bb.vc_custom_1574331517898{padding-top: 50px !important;}\u00a0\u00bb][vc_column width=\u00a0\u00bb1\/6&Prime;][\/vc_column][vc_column width=\u00a0\u00bb2\/3&Prime;][vc_column_text el_class=\u00a0\u00bbtext-center\u00a0\u00bb]Au sein de la Direction marketing produit et en lien avec les \u00e9quipes R&amp;D, Le PM doit assurer l\u2019identification, la formalisation, l\u2019argumentation des besoins du march\u00e9 de \u00ab Insight Search \u00bb pour influer la strat\u00e9gie de d\u00e9veloppement de notre produit deeplinq. Le PM contribue ainsi \u00e0 faire \u00e9voluer notre produit deeplinq et \u00e0 asseoir le d\u00e9veloppement de notre activit\u00e9 d&rsquo;\u00e9diteur.[\/vc_column_text][vc_empty_space height=\u00a0\u00bb40px\u00a0\u00bb][vc_custom_heading text=\u00a0\u00bbMissions\u00a0\u00bb font_container=\u00a0\u00bbtag:h3|text_align:center\u00a0\u00bb use_theme_fonts=\u00a0\u00bbyes\u00a0\u00bb][vc_empty_space height=\u00a0\u00bb20px\u00a0\u00bb][vc_column_text]En travaillant en \u00e9troite collaboration avec l\u2019\u00e9quipe R&amp;D et Sales, Le PM contribue \u00e0 la strat\u00e9gie et au d\u00e9veloppement de l&rsquo;offre produits, en devenant le r\u00e9f\u00e9rent produit. Qui comprend :<\/p>\n<ul>\n<li>D\u00e9tection des opportunit\u00e9s issues de l&rsquo;analyse de la veille march\u00e9 et concurrentielle, animation de groupe de travail clients complexes<\/li>\n<li>D\u00e9fendre le produit et la roadmap aupr\u00e8s des influenceurs et des cabinets d\u2019analystes (CXP, Gartner, Forrester, IDC,..<\/li>\n<li>Mener les \u00e9tudes d&rsquo;opportunit\u00e9s de nouveaux modules et\/ou de nouvelles fonctionnalit\u00e9s<\/li>\n<li>Participer \u00e0 l&rsquo;\u00e9laboration de la roadmap produit en lien avec le Product Owner<\/li>\n<li>Appliquer et d\u00e9livrer cette roadmap \u00e0 travers la r\u00e9daction de User Stories + Wireframe<\/li>\n<li>Mettre en place et suivre les diff\u00e9rents KPI Analytics<\/li>\n<li>Communiquer en interne et en externe (clients, partenaires, analystes) sur les avanc\u00e9es produit<\/li>\n<li>R\u00e9aliser des \u00e9tudes et benchmarks pour d\u00e9nicher les meilleures pratiques<\/li>\n<li>Formaliser les documents d&rsquo;arbitrage et les porter (analyse de la valeur, positionnement concurrentiel, matrice d&rsquo;exigence, analyse des risques)<\/li>\n<li>Participer \u00e0 la r\u00e9daction des supports de communication\/marketing \u00e0 destination des clients ou des \u00e9quipes commerciales<\/li>\n<li>Pr\u00e9senter le produit aupr\u00e8s des clients et des partenaires<\/li>\n<\/ul>\n<p>[\/vc_column_text][\/vc_column][vc_column width=\u00a0\u00bb1\/6&Prime;][\/vc_column][\/vc_row][vc_row full_width=\u00a0\u00bbstretch_row\u00a0\u00bb css=\u00a0\u00bb.vc_custom_1574331528223{padding-top: 50px !important;}\u00a0\u00bb][vc_column width=\u00a0\u00bb1\/6&Prime;][\/vc_column][vc_column width=\u00a0\u00bb2\/3&Prime;][vc_custom_heading text=\u00a0\u00bbProfils\u00a0\u00bb font_container=\u00a0\u00bbtag:h3|text_align:center\u00a0\u00bb use_theme_fonts=\u00a0\u00bbyes\u00a0\u00bb][vc_empty_space height=\u00a0\u00bb20px\u00a0\u00bb][vc_column_text]Disposant d\u2019une double culture Digital et Marketing avec une volont\u00e9 de s\u2019investir chez un \u00e9diteur de logiciels.<\/p>\n<div>\n<ul>\n<li>Titulaire d\u2019une formation sup\u00e9rieure, avec au minimum 3 ans d\u2019exp\u00e9rience en gestion de projet dans le milieu logiciel \/ Marketing Produit\/ R&amp;D informatique.<\/li>\n<li>La connaissance du march\u00e9 de l\u2019\u00e9dition de logiciel de recherche, de gestion de contenu et de l\u2019industrie du cloud permettra au candidat de comprendre ais\u00e9ment les enjeux business et produit.<\/li>\n<li>Exp\u00e9rience dans la gestion d&rsquo;un cycle complet de projets (de l&rsquo;id\u00e9e aux op\u00e9rations)<\/li>\n<li>Capacit\u00e9 de d\u00e9composer les fonctionnalit\u00e9s de MVP et une vision plus longue bas\u00e9e sur l&rsquo;it\u00e9ration<\/li>\n<li>Suivre des processus, travailler en \u00e9quipe et partager l\u2019\u00e9tat d\u2019avancement de l\u2019activit\u00e9 via du reporting.<\/li>\n<li>\u00catre dot\u00e9 de rigueur et aisance relationnelle pour travailler en transverse avec des \u00e9quipes pluridisciplinaires.<\/li>\n<li>Une capacit\u00e9 d&rsquo;adaptation \u00e0 des m\u00e9thodes ou technologies nouvelles et potentiellement inconnues<\/li>\n<li>Avoir des capacit\u00e9s d\u2019\u00e9coute, d\u2019un sens logique et d\u2019esprit de synth\u00e8se.<\/li>\n<li>Une ma\u00eetrise de la langue anglaise est imp\u00e9rative pour la tenue du poste.<\/li>\n<\/ul>\n<\/div>\n<p>[\/vc_column_text][vc_empty_space height=\u00a0\u00bb40px\u00a0\u00bb][vc_separator el_width=\u00a0\u00bb70&Prime;][vc_empty_space height=\u00a0\u00bb40px\u00a0\u00bb][vc_row_inner][vc_column_inner width=\u00a0\u00bb1\/6&Prime;][\/vc_column_inner][vc_column_inner width=\u00a0\u00bb2\/3&Prime;][vc_raw_js]JTNDJTIxLS0lNUJpZiUyMGx0ZSUyMElFJTIwOCU1RCUzRSUwQSUzQ3NjcmlwdCUyMGNoYXJzZXQlM0QlMjJ1dGYtOCUyMiUyMHR5cGUlM0QlMjJ0ZXh0JTJGamF2YXNjcmlwdCUyMiUyMHNyYyUzRCUyMiUyRiUyRmpzLmhzZm9ybXMubmV0JTJGZm9ybXMlMkZ2Mi1sZWdhY3kuanMlMjIlM0UlM0MlMkZzY3JpcHQlM0UlMEElM0MlMjElNUJlbmRpZiU1RC0tJTNFJTBBJTNDc2NyaXB0JTIwY2hhcnNldCUzRCUyMnV0Zi04JTIyJTIwdHlwZSUzRCUyMnRleHQlMkZqYXZhc2NyaXB0JTIyJTIwc3JjJTNEJTIyJTJGJTJGanMuaHNmb3Jtcy5uZXQlMkZmb3JtcyUyRnYyLmpzJTIyJTNFJTNDJTJGc2NyaXB0JTNFJTBBJTNDc2NyaXB0JTNFJTBBJTIwJTIwaGJzcHQuZm9ybXMuY3JlYXRlJTI4JTdCJTBBJTA5cG9ydGFsSWQlM0ElMjAlMjI1NjU0Nzk5JTIyJTJDJTBBJTA5Zm9ybUlkJTNBJTIwJTIyMjc2MDVkNzAtODdlNC00MzhmLWE0NTItNzU3M2MwZGUzNjI3JTIyJTBBJTdEJTI5JTNCJTBBJTNDJTJGc2NyaXB0JTNF[\/vc_raw_js][\/vc_column_inner][vc_column_inner width=\u00a0\u00bb1\/6&Prime;][\/vc_column_inner][\/vc_row_inner][\/vc_column][vc_column width=\u00a0\u00bb1\/6&Prime;][\/vc_column][\/vc_row]<\/p>\n<\/div>","protected":false},"excerpt":{"rendered":"<p>[vc_row full_width=\u00a0\u00bbstretch_row\u00a0\u00bb css=\u00a0\u00bb.vc_custom_1574331481071{padding-top: 80px !important;padding-bottom: 80px !important;background: #194874 url(https:\/\/www.brams.com\/wp-content\/uploads\/2019\/11\/Product-Marketing.jpg?id=6739) !important;background-position: center !important;background-repeat: no-repeat !important;background-size: cover !important;}\u00a0\u00bb el_class=\u00a0\u00bbtext-white\u00a0\u00bb][vc_column width=\u00a0\u00bb1\/6&Prime;][\/vc_column][vc_column width=\u00a0\u00bb2\/3&Prime; css=\u00a0\u00bb.vc_custom_1574331500657{padding-top: 10px !important;padding-bottom: 10px !important;background-color: rgba(0,0,0,0.57) !important;*background-color: rgb(0,0,0) !important;}\u00a0\u00bb][vc_custom_heading text=\u00a0\u00bbProduct Marketing Manager\u00a0\u00bb font_container=\u00a0\u00bbtag:h1|font_size:2.25rem|text_align:center|color:%23ffffff\u00a0\u00bb use_theme_fonts=\u00a0\u00bbyes\u00a0\u00bb el_class=\u00a0\u00bbtitle-head\u00a0\u00bb][vc_empty_space height=\u00a0\u00bb20px\u00a0\u00bb][vc_custom_heading text=\u00a0\u00bbParis\/Dubai\u00a0\u00bb font_container=\u00a0\u00bbtag:div|font_size:1.5rem|text_align:center|color:%23ffffff\u00a0\u00bb use_theme_fonts=\u00a0\u00bbyes\u00a0\u00bb el_class=\u00a0\u00bbfont-weight-300&Prime;][\/vc_column][vc_column width=\u00a0\u00bb1\/6&Prime;][\/vc_column][\/vc_row][vc_row full_width=\u00a0\u00bbstretch_row\u00a0\u00bb css=\u00a0\u00bb.vc_custom_1574331517898{padding-top: 50px !important;}\u00a0\u00bb][vc_column width=\u00a0\u00bb1\/6&Prime;][\/vc_column][vc_column width=\u00a0\u00bb2\/3&Prime;][vc_column_text el_class=\u00a0\u00bbtext-center\u00a0\u00bb]Au sein de la Direction marketing produit et en [&hellip;]<\/p>\n","protected":false},"author":6,"featured_media":0,"parent":0,"menu_order":5,"comment_status":"closed","ping_status":"closed","template":"","meta":{"content-type":"","_monsterinsights_skip_tracking":false,"_monsterinsights_sitenote_active":false,"_monsterinsights_sitenote_note":"","_monsterinsights_sitenote_category":0,"footnotes":""},"class_list":["post-6158","page","type-page","status-publish","hentry"],"yoast_head":"<!-- This site is optimized with the Yoast SEO plugin v22.1 - https:\/\/yoast.com\/wordpress\/plugins\/seo\/ -->\n<title>Product Marketing Manager - Brams<\/title>\n<meta name=\"description\" content=\"En travaillant en \u00e9troite collaboration avec l\u2019\u00e9quipe R&amp;D et Sales, Le PM contribue \u00e0 la strat\u00e9gie et au d\u00e9veloppement de l\u2019offre produits ...\" \/>\n<meta name=\"robots\" content=\"index, follow, max-snippet:-1, max-image-preview:large, max-video-preview:-1\" \/>\n<link rel=\"canonical\" href=\"https:\/\/www.brams.com\/fr\/product-marketing-manager\/\" \/>\n<meta property=\"og:locale\" content=\"fr_FR\" \/>\n<meta property=\"og:type\" content=\"article\" \/>\n<meta property=\"og:title\" content=\"Product Marketing Manager - Brams\" \/>\n<meta property=\"og:description\" content=\"En travaillant en \u00e9troite collaboration avec l\u2019\u00e9quipe R&amp;D et Sales, Le PM contribue \u00e0 la strat\u00e9gie et au d\u00e9veloppement de l\u2019offre produits ...\" \/>\n<meta property=\"og:url\" content=\"https:\/\/www.brams.com\/fr\/product-marketing-manager\/\" \/>\n<meta property=\"og:site_name\" content=\"Brams\" \/>\n<meta property=\"article:modified_time\" content=\"2019-12-25T16:36:18+00:00\" \/>\n<meta property=\"og:image\" content=\"https:\/\/www.brams.com\/wp-content\/uploads\/2019\/11\/PICTO-BRAMS.png\" \/>\n\t<meta property=\"og:image:width\" content=\"218\" \/>\n\t<meta property=\"og:image:height\" content=\"218\" \/>\n\t<meta property=\"og:image:type\" content=\"image\/png\" \/>\n<meta name=\"twitter:card\" content=\"summary_large_image\" \/>\n<meta name=\"twitter:site\" content=\"@bramsfz\" \/>\n<meta name=\"twitter:label1\" content=\"Dur\u00e9e de lecture estim\u00e9e\" \/>\n\t<meta name=\"twitter:data1\" content=\"4 minutes\" \/>\n<script type=\"application\/ld+json\" class=\"yoast-schema-graph\">{\"@context\":\"https:\/\/schema.org\",\"@graph\":[{\"@type\":\"WebPage\",\"@id\":\"https:\/\/www.brams.com\/fr\/product-marketing-manager\/\",\"url\":\"https:\/\/www.brams.com\/fr\/product-marketing-manager\/\",\"name\":\"Product Marketing Manager - Brams\",\"isPartOf\":{\"@id\":\"https:\/\/www.brams.com\/#website\"},\"datePublished\":\"2019-11-14T08:59:28+00:00\",\"dateModified\":\"2019-12-25T16:36:18+00:00\",\"description\":\"En travaillant en \u00e9troite collaboration avec l\u2019\u00e9quipe R&D et Sales, Le PM contribue \u00e0 la strat\u00e9gie et au d\u00e9veloppement de l\u2019offre produits ...\",\"breadcrumb\":{\"@id\":\"https:\/\/www.brams.com\/fr\/product-marketing-manager\/#breadcrumb\"},\"inLanguage\":\"fr-FR\",\"potentialAction\":[{\"@type\":\"ReadAction\",\"target\":[\"https:\/\/www.brams.com\/fr\/product-marketing-manager\/\"]}]},{\"@type\":\"BreadcrumbList\",\"@id\":\"https:\/\/www.brams.com\/fr\/product-marketing-manager\/#breadcrumb\",\"itemListElement\":[{\"@type\":\"ListItem\",\"position\":1,\"name\":\"Home\",\"item\":\"https:\/\/www.brams.com\/fr\/\"},{\"@type\":\"ListItem\",\"position\":2,\"name\":\"Product Marketing Manager\"}]},{\"@type\":\"WebSite\",\"@id\":\"https:\/\/www.brams.com\/#website\",\"url\":\"https:\/\/www.brams.com\/\",\"name\":\"Brams\",\"description\":\"A world-leading cloud specialist with over 19 years of experience.\",\"publisher\":{\"@id\":\"https:\/\/www.brams.com\/#organization\"},\"potentialAction\":[{\"@type\":\"SearchAction\",\"target\":{\"@type\":\"EntryPoint\",\"urlTemplate\":\"https:\/\/www.brams.com\/?s={search_term_string}\"},\"query-input\":\"required name=search_term_string\"}],\"inLanguage\":\"fr-FR\"},{\"@type\":\"Organization\",\"@id\":\"https:\/\/www.brams.com\/#organization\",\"name\":\"Brams\",\"url\":\"https:\/\/www.brams.com\/\",\"logo\":{\"@type\":\"ImageObject\",\"inLanguage\":\"fr-FR\",\"@id\":\"https:\/\/www.brams.com\/#\/schema\/logo\/image\/\",\"url\":\"https:\/\/www.brams.com\/wp-content\/uploads\/2019\/12\/brams-logo.jpg\",\"contentUrl\":\"https:\/\/www.brams.com\/wp-content\/uploads\/2019\/12\/brams-logo.jpg\",\"width\":400,\"height\":108,\"caption\":\"Brams\"},\"image\":{\"@id\":\"https:\/\/www.brams.com\/#\/schema\/logo\/image\/\"},\"sameAs\":[\"https:\/\/twitter.com\/bramsfz\",\"https:\/\/www.linkedin.com\/company\/brams-technologies\/\"]}]}<\/script>\n<!-- \/ Yoast SEO plugin. -->","yoast_head_json":{"title":"Product Marketing Manager - Brams","description":"En travaillant en \u00e9troite collaboration avec l\u2019\u00e9quipe R&D et Sales, Le PM contribue \u00e0 la strat\u00e9gie et au d\u00e9veloppement de l\u2019offre produits ...","robots":{"index":"index","follow":"follow","max-snippet":"max-snippet:-1","max-image-preview":"max-image-preview:large","max-video-preview":"max-video-preview:-1"},"canonical":"https:\/\/www.brams.com\/fr\/product-marketing-manager\/","og_locale":"fr_FR","og_type":"article","og_title":"Product Marketing Manager - Brams","og_description":"En travaillant en \u00e9troite collaboration avec l\u2019\u00e9quipe R&D et Sales, Le PM contribue \u00e0 la strat\u00e9gie et au d\u00e9veloppement de l\u2019offre produits ...","og_url":"https:\/\/www.brams.com\/fr\/product-marketing-manager\/","og_site_name":"Brams","article_modified_time":"2019-12-25T16:36:18+00:00","og_image":[{"width":218,"height":218,"url":"https:\/\/www.brams.com\/wp-content\/uploads\/2019\/11\/PICTO-BRAMS.png","type":"image\/png"}],"twitter_card":"summary_large_image","twitter_site":"@bramsfz","twitter_misc":{"Dur\u00e9e de lecture estim\u00e9e":"4 minutes"},"schema":{"@context":"https:\/\/schema.org","@graph":[{"@type":"WebPage","@id":"https:\/\/www.brams.com\/fr\/product-marketing-manager\/","url":"https:\/\/www.brams.com\/fr\/product-marketing-manager\/","name":"Product Marketing Manager - Brams","isPartOf":{"@id":"https:\/\/www.brams.com\/#website"},"datePublished":"2019-11-14T08:59:28+00:00","dateModified":"2019-12-25T16:36:18+00:00","description":"En travaillant en \u00e9troite collaboration avec l\u2019\u00e9quipe R&D et Sales, Le PM contribue \u00e0 la strat\u00e9gie et au d\u00e9veloppement de l\u2019offre produits ...","breadcrumb":{"@id":"https:\/\/www.brams.com\/fr\/product-marketing-manager\/#breadcrumb"},"inLanguage":"fr-FR","potentialAction":[{"@type":"ReadAction","target":["https:\/\/www.brams.com\/fr\/product-marketing-manager\/"]}]},{"@type":"BreadcrumbList","@id":"https:\/\/www.brams.com\/fr\/product-marketing-manager\/#breadcrumb","itemListElement":[{"@type":"ListItem","position":1,"name":"Home","item":"https:\/\/www.brams.com\/fr\/"},{"@type":"ListItem","position":2,"name":"Product Marketing Manager"}]},{"@type":"WebSite","@id":"https:\/\/www.brams.com\/#website","url":"https:\/\/www.brams.com\/","name":"Brams","description":"A world-leading cloud specialist with over 19 years of experience.","publisher":{"@id":"https:\/\/www.brams.com\/#organization"},"potentialAction":[{"@type":"SearchAction","target":{"@type":"EntryPoint","urlTemplate":"https:\/\/www.brams.com\/?s={search_term_string}"},"query-input":"required name=search_term_string"}],"inLanguage":"fr-FR"},{"@type":"Organization","@id":"https:\/\/www.brams.com\/#organization","name":"Brams","url":"https:\/\/www.brams.com\/","logo":{"@type":"ImageObject","inLanguage":"fr-FR","@id":"https:\/\/www.brams.com\/#\/schema\/logo\/image\/","url":"https:\/\/www.brams.com\/wp-content\/uploads\/2019\/12\/brams-logo.jpg","contentUrl":"https:\/\/www.brams.com\/wp-content\/uploads\/2019\/12\/brams-logo.jpg","width":400,"height":108,"caption":"Brams"},"image":{"@id":"https:\/\/www.brams.com\/#\/schema\/logo\/image\/"},"sameAs":["https:\/\/twitter.com\/bramsfz","https:\/\/www.linkedin.com\/company\/brams-technologies\/"]}]}},"_links":{"self":[{"href":"https:\/\/www.brams.com\/fr\/wp-json\/wp\/v2\/pages\/6158","targetHints":{"allow":["GET"]}}],"collection":[{"href":"https:\/\/www.brams.com\/fr\/wp-json\/wp\/v2\/pages"}],"about":[{"href":"https:\/\/www.brams.com\/fr\/wp-json\/wp\/v2\/types\/page"}],"author":[{"embeddable":true,"href":"https:\/\/www.brams.com\/fr\/wp-json\/wp\/v2\/users\/6"}],"replies":[{"embeddable":true,"href":"https:\/\/www.brams.com\/fr\/wp-json\/wp\/v2\/comments?post=6158"}],"version-history":[{"count":2,"href":"https:\/\/www.brams.com\/fr\/wp-json\/wp\/v2\/pages\/6158\/revisions"}],"predecessor-version":[{"id":8397,"href":"https:\/\/www.brams.com\/fr\/wp-json\/wp\/v2\/pages\/6158\/revisions\/8397"}],"wp:attachment":[{"href":"https:\/\/www.brams.com\/fr\/wp-json\/wp\/v2\/media?parent=6158"}],"curies":[{"name":"wp","href":"https:\/\/api.w.org\/{rel}","templated":true}]}}